{"id":81,"date":"2022-05-13T17:42:05","date_gmt":"2022-05-13T15:42:05","guid":{"rendered":"https:\/\/paroisses-de-fegersheim-eschau-ohnheim-plobsheim.fr\/?page_id=81"},"modified":"2026-08-30T17:01:31","modified_gmt":"2026-08-30T15:01:31","slug":"pastorale-des-jeunes","status":"publish","type":"page","link":"https:\/\/paroisses-de-fegersheim-eschau-ohnheim-plobsheim.fr\/index.php\/pastorale-des-jeunes\/","title":{"rendered":"Pastorale des jeunes"},"content":{"rendered":"<div id=\"pl-gb81-6a97bc8731e41\"  class=\"panel-layout wp-block-siteorigin-panels-layout-block\" ><div id=\"pg-gb81-6a97bc8731e41-0\"  class=\"panel-grid panel-no-style\" ><div id=\"pgc-gb81-6a97bc8731e41-0-0\"  class=\"panel-grid-cell\" ><div id=\"panel-gb81-6a97bc8731e41-0-0-0\" class=\"so-panel widget widget_sow-editor panel-first-child\" data-index=\"0\" ><div class=\"panel-widget-style panel-widget-style-for-gb81-6a97bc8731e41-0-0-0\" ><div\n\t\t\t\n\t\t\tclass=\"so-widget-sow-editor so-widget-sow-editor-base\"\n\t\t\t\n\t\t><h3 class=\"widget-title\">Patronage Notre Dame de l&rsquo;Alliance du CM2 \u00e0 la 5\u00e8me<\/h3>\n<div class=\"siteorigin-widget-tinymce textwidget\">\n\t<h4 style=\"text-align: left;\"><div class=\"wp-block-pdfemb-pdf-embedder-viewer\"><a href=\"https:\/\/paroisses-de-fegersheim-eschau-ohnheim-plobsheim.fr\/wp-content\/uploads\/2026\/08\/Affiche-patronage-20261.pdf\" class=\"pdfemb-viewer\" style=\"\" data-width=\"max\" data-height=\"max\" data-toolbar=\"both\" data-toolbar-fixed=\"on\">Affiche patronage 2026(1)<\/a><\/div><\/h4>\n<h3 style=\"text-align: left;\"><\/h3>\n<\/div>\n<\/div><\/div><\/div><div id=\"panel-gb81-6a97bc8731e41-0-0-1\" class=\"so-panel widget widget_sow-editor\" data-index=\"1\" ><div\n\t\t\t\n\t\t\tclass=\"so-widget-sow-editor so-widget-sow-editor-base\"\n\t\t\t\n\t\t><h3 class=\"widget-title\">La compagnie des Originaux de 13 \u00e0 20 ans<\/h3>\n<div class=\"siteorigin-widget-tinymce textwidget\">\n\t<div class=\"wp-block-pdfemb-pdf-embedder-viewer\"><a href=\"https:\/\/paroisses-de-fegersheim-eschau-ohnheim-plobsheim.fr\/wp-content\/uploads\/2026\/08\/Affiche-originaux-2026-2027.pdf\" class=\"pdfemb-viewer\" style=\"\" data-width=\"max\" data-height=\"max\" data-toolbar=\"both\" data-toolbar-fixed=\"on\">Affiche originaux 2026 2027<\/a><\/div>\n<\/div>\n<\/div><\/div><div id=\"panel-gb81-6a97bc8731e41-0-0-2\" class=\"so-panel widget widget_sow-editor\" data-index=\"2\" ><div\n\t\t\t\n\t\t\tclass=\"so-widget-sow-editor so-widget-sow-editor-base\"\n\t\t\t\n\t\t><h3 class=\"widget-title\">La compagnie des types louches : Etudiants et jeunes actifs<\/h3>\n<div class=\"siteorigin-widget-tinymce textwidget\">\n\t<div class=\"wp-block-pdfemb-pdf-embedder-viewer\"><a href=\"https:\/\/paroisses-de-fegersheim-eschau-ohnheim-plobsheim.fr\/wp-content\/uploads\/2025\/05\/Affiche-types-louches-1.pdf\" class=\"pdfemb-viewer\" style=\"\" data-width=\"max\" data-height=\"max\" data-toolbar=\"both\" data-toolbar-fixed=\"on\">Affiche types louches<\/a><\/div>\n<\/div>\n<\/div><\/div><div id=\"panel-gb81-6a97bc8731e41-0-0-3\" class=\"so-panel widget widget_sow-editor panel-last-child\" data-index=\"3\" ><div\n\t\t\t\n\t\t\tclass=\"so-widget-sow-editor so-widget-sow-editor-base\"\n\t\t\t\n\t\t><h3 class=\"widget-title\">Participation au P\u00e9l\u00e9 Jeunes \u00e0 Lourdes du 22 au 28 juillet 2026<\/h3>\n<div class=\"siteorigin-widget-tinymce textwidget\">\n\t<div class=\"xdj266r x11i5rnm xat24cr x1mh8g0r x1vvkbs x126k92a\">\n<h2 dir=\"auto\"><style id=\"bwg-style-0\">    #bwg_container1_0 #bwg_container2_0 .bwg-container-0.bwg-standard-thumbnails {      width: 1254px;              justify-content: center;        margin:0 auto !important;              background-color: rgba(255, 255, 255, 0.00);            padding-left: 4px;      padding-top: 4px;      max-width: 100%;            }        #bwg_container1_0 #bwg_container2_0 .bwg-container-0.bwg-standard-thumbnails .bwg-item {    justify-content: flex-start;      max-width: 250px;          }    #bwg_container1_0 #bwg_container2_0 .bwg-container-0.bwg-standard-thumbnails .bwg-item a {       margin-right: 4px;       margin-bottom: 4px;    }    #bwg_container1_0 #bwg_container2_0 .bwg-container-0.bwg-standard-thumbnails .bwg-item0 {      padding: 0px;            background-color:rgba(0,0,0, 0.30);      border: 0px none #CCCCCC;      opacity: 1.00;      border-radius: 0;      box-shadow: ;    }    #bwg_container1_0 #bwg_container2_0 .bwg-container-0.bwg-standard-thumbnails .bwg-item1 img {      max-height: none;      max-width: none;      padding: 0 !important;    }         @media only screen and (min-width: 480px) {\t\t#bwg_container1_0 #bwg_container2_0 .bwg-container-0.bwg-standard-thumbnails .bwg-item1 img {\t\t\t-webkit-transition: all .3s; transition: all .3s;\t\t}\t\t#bwg_container1_0 #bwg_container2_0 .bwg-container-0.bwg-standard-thumbnails .bwg-item1 img:hover {\t\t\t-ms-transform: scale(1.08);\t\t\t-webkit-transform: scale(1.08);\t\t\ttransform: scale(1.08);\t\t}\t\t\t\t.bwg-standard-thumbnails .bwg-zoom-effect .bwg-zoom-effect-overlay {\t\t\t\t\t\tbackground-color:rgba(0,0,0, 0.3);\t\t}\t\t.bwg-standard-thumbnails .bwg-zoom-effect:hover img {\t\t\t-ms-transform: scale(1.08);\t\t\t-webkit-transform: scale(1.08);\t\t\ttransform: scale(1.08);\t\t}\t\t      }\t    #bwg_container1_0 #bwg_container2_0 .bwg-container-0.bwg-standard-thumbnails .bwg-item1 {      padding-top: 56%;    }        #bwg_container1_0 #bwg_container2_0 .bwg-container-0.bwg-standard-thumbnails .bwg-title1 {      position: absolute;      top: 0;      z-index: 100;      width: 100%;      height: 100%;      display: flex;      justify-content: center;      align-content: center;      flex-direction: column;      opacity: 0;    }\t      #bwg_container1_0 #bwg_container2_0 .bwg-container-0.bwg-standard-thumbnails .bwg-title2,    #bwg_container1_0 #bwg_container2_0 .bwg-container-0.bwg-standard-thumbnails .bwg-ecommerce2 {      color: #FFFFFF;      font-family: Ubuntu;      font-size: 16px;      font-weight: bold;      padding: 2px;      text-shadow: ;      max-height: 100%;    }    #bwg_container1_0 #bwg_container2_0 .bwg-container-0.bwg-standard-thumbnails .bwg-thumb-description span {    color: #323A45;    font-family: Ubuntu;    font-size: 12px;    max-height: 100%;    word-wrap: break-word;    }    #bwg_container1_0 #bwg_container2_0 .bwg-container-0.bwg-standard-thumbnails .bwg-play-icon2 {      font-size: 32px;    }    #bwg_container1_0 #bwg_container2_0 .bwg-container-0.bwg-standard-thumbnails .bwg-ecommerce2 {      font-size: 19.2px;      color: #323A45;    }    <\/style>    <div id=\"bwg_container1_0\"         class=\"bwg_container bwg_thumbnail bwg_thumbnails \"         data-right-click-protection=\"0\"         data-bwg=\"0\"         data-scroll=\"0\"         data-gallery-type=\"thumbnails\"         data-gallery-view-type=\"thumbnails\"         data-current-url=\"\/index.php\/wp-json\/wp\/v2\/pages\/81\"         data-lightbox-url=\"https:\/\/paroisses-de-fegersheim-eschau-ohnheim-plobsheim.fr\/wp-admin\/admin-ajax.php?action=GalleryBox&#038;current_view=0&#038;gallery_id=70&#038;tag=0&#038;theme_id=1&#038;shortcode_id=32&#038;sort_by=order&#038;order_by=asc&#038;current_url=%2Findex.php%2Fwp-json%2Fwp%2Fv2%2Fpages%2F81\"         data-gallery-id=\"70\"         data-popup-width=\"800\"         data-popup-height=\"500\"         data-is-album=\"gallery\"         data-buttons-position=\"bottom\">      <div id=\"bwg_container2_0\">             <div id=\"ajax_loading_0\" class=\"bwg_loading_div_1\">      <div class=\"bwg_loading_div_2\">        <div class=\"bwg_loading_div_3\">          <div id=\"loading_div_0\" class=\"bwg_spider_ajax_loading\">          <\/div>        <\/div>      <\/div>    <\/div>            <form id=\"gal_front_form_0\"              class=\"bwg-hidden\"              method=\"post\"              action=\"#\"              data-current=\"0\"              data-shortcode-id=\"32\"              data-gallery-type=\"thumbnails\"              data-gallery-id=\"70\"              data-tag=\"0\"              data-album-id=\"0\"              data-theme-id=\"1\"              data-ajax-url=\"https:\/\/paroisses-de-fegersheim-eschau-ohnheim-plobsheim.fr\/wp-admin\/admin-ajax.php?action=bwg_frontend_data\">          <div id=\"bwg_container3_0\" class=\"bwg-background bwg-background-0\">            <style>        #bwg_container1_0 #bwg_container2_0 .bwg_gal_title_0 {          display: block;          padding: 2px;          background-color: rgba(0, 0, 0, 0);          line-height: 20px;          font-family: Ubuntu;          font-size: 18px;          font-weight: bold;          color: #323A45;          text-shadow: ;          text-align: center;        }        #bwg_container1_0 #bwg_container2_0 .bwg_gal_description_0 {          margin: 20px 0;          word-break: break-word;          text-align: justify;          font-size: 15px;          font-weight: unset;        }        <\/style>        <div class=\"bwg_gal_title_0\">22-28 Ao\u00fbt 2026 P\u00e9l\u00e9-Jeunes \u00e0 Lourdes<\/div>            <div data-max-count=\"5\"         data-thumbnail-width=\"250\"         data-bwg=\"0\"         data-gallery-id=\"70\"         data-lightbox-url=\"https:\/\/paroisses-de-fegersheim-eschau-ohnheim-plobsheim.fr\/wp-admin\/admin-ajax.php?action=GalleryBox&amp;current_view=0&amp;gallery_id=70&amp;tag=0&amp;theme_id=1&amp;shortcode_id=32&amp;sort_by=order&amp;order_by=asc&amp;current_url=%2Findex.php%2Fwp-json%2Fwp%2Fv2%2Fpages%2F81\"         id=\"bwg_thumbnails_0\"         class=\"bwg-container-0 bwg-thumbnails bwg-standard-thumbnails bwg-container bwg-border-box\">            <div class=\"bwg-item\">        <a class=\"bwg-a  bwg_lightbox\"  data-image-id=\"1524\" href=\"https:\/\/paroisses-de-fegersheim-eschau-ohnheim-plobsheim.fr\/wp-content\/uploads\/photo-gallery\/5a7681ad-4ea2-4ad3-a67b-b5032825fcbb.jpg?bwg=1788099629\" data-elementor-open-lightbox=\"no\">                <div class=\"bwg-item0 \">          <div class=\"bwg-item1 bwg-zoom-effect\">            <div class=\"bwg-item2\">              <img decoding=\"async\" class=\"skip-lazy bwg_standart_thumb_img_0 \"                   data-id=\"1524\"                   data-width=\"500.00\"                   data-height=\"281.00\"                   data-src=\"https:\/\/paroisses-de-fegersheim-eschau-ohnheim-plobsheim.fr\/wp-content\/uploads\/photo-gallery\/thumb\/5a7681ad-4ea2-4ad3-a67b-b5032825fcbb.jpg?bwg=1788099629\"                   src=\"https:\/\/paroisses-de-fegersheim-eschau-ohnheim-plobsheim.fr\/wp-content\/uploads\/photo-gallery\/thumb\/5a7681ad-4ea2-4ad3-a67b-b5032825fcbb.jpg?bwg=1788099629\"                   alt=\"5a7681ad-4ea2-4ad3-a67b-b5032825fcbb\"                   title=\"5a7681ad-4ea2-4ad3-a67b-b5032825fcbb\" \/>            <\/div>            <div class=\"bwg-zoom-effect-overlay\">              <div class=\"bwg-title1\"><div class=\"bwg-title2\">5a7681ad-4ea2-4ad3-a67b-b5032825fcbb<\/div><\/div>                                        <\/div>          <\/div>        <\/div>                        <\/a>              <\/div>            <div class=\"bwg-item\">        <a class=\"bwg-a  bwg_lightbox\"  data-image-id=\"1525\" href=\"https:\/\/paroisses-de-fegersheim-eschau-ohnheim-plobsheim.fr\/wp-content\/uploads\/photo-gallery\/1df3ee8d-ff7a-4ff5-bf43-69be56f8d476.jpg?bwg=1788099629\" data-elementor-open-lightbox=\"no\">                <div class=\"bwg-item0 \">          <div class=\"bwg-item1 bwg-zoom-effect\">            <div class=\"bwg-item2\">              <img decoding=\"async\" class=\"skip-lazy bwg_standart_thumb_img_0 \"                   data-id=\"1525\"                   data-width=\"500.00\"                   data-height=\"375.00\"                   data-src=\"https:\/\/paroisses-de-fegersheim-eschau-ohnheim-plobsheim.fr\/wp-content\/uploads\/photo-gallery\/thumb\/1df3ee8d-ff7a-4ff5-bf43-69be56f8d476.jpg?bwg=1788099629\"                   src=\"https:\/\/paroisses-de-fegersheim-eschau-ohnheim-plobsheim.fr\/wp-content\/uploads\/photo-gallery\/thumb\/1df3ee8d-ff7a-4ff5-bf43-69be56f8d476.jpg?bwg=1788099629\"                   alt=\"1df3ee8d-ff7a-4ff5-bf43-69be56f8d476\"                   title=\"1df3ee8d-ff7a-4ff5-bf43-69be56f8d476\" \/>            <\/div>            <div class=\"bwg-zoom-effect-overlay\">              <div class=\"bwg-title1\"><div class=\"bwg-title2\">1df3ee8d-ff7a-4ff5-bf43-69be56f8d476<\/div><\/div>                                        <\/div>          <\/div>        <\/div>                        <\/a>              <\/div>            <div class=\"bwg-item\">        <a class=\"bwg-a  bwg_lightbox\"  data-image-id=\"1526\" href=\"https:\/\/paroisses-de-fegersheim-eschau-ohnheim-plobsheim.fr\/wp-content\/uploads\/photo-gallery\/4d5a9666-e42d-4f59-a2f0-0a528993e6ab.jpg?bwg=1788099629\" data-elementor-open-lightbox=\"no\">                <div class=\"bwg-item0 \">          <div class=\"bwg-item1 bwg-zoom-effect\">            <div class=\"bwg-item2\">              <img decoding=\"async\" class=\"skip-lazy bwg_standart_thumb_img_0 \"                   data-id=\"1526\"                   data-width=\"500.00\"                   data-height=\"377.00\"                   data-src=\"https:\/\/paroisses-de-fegersheim-eschau-ohnheim-plobsheim.fr\/wp-content\/uploads\/photo-gallery\/thumb\/4d5a9666-e42d-4f59-a2f0-0a528993e6ab.jpg?bwg=1788099629\"                   src=\"https:\/\/paroisses-de-fegersheim-eschau-ohnheim-plobsheim.fr\/wp-content\/uploads\/photo-gallery\/thumb\/4d5a9666-e42d-4f59-a2f0-0a528993e6ab.jpg?bwg=1788099629\"                   alt=\"4d5a9666-e42d-4f59-a2f0-0a528993e6ab\"                   title=\"4d5a9666-e42d-4f59-a2f0-0a528993e6ab\" \/>            <\/div>            <div class=\"bwg-zoom-effect-overlay\">              <div class=\"bwg-title1\"><div class=\"bwg-title2\">4d5a9666-e42d-4f59-a2f0-0a528993e6ab<\/div><\/div>                                        <\/div>          <\/div>        <\/div>                        <\/a>              <\/div>            <div class=\"bwg-item\">        <a class=\"bwg-a  bwg_lightbox\"  data-image-id=\"1527\" href=\"https:\/\/paroisses-de-fegersheim-eschau-ohnheim-plobsheim.fr\/wp-content\/uploads\/photo-gallery\/3c55bc79-2f8d-425e-981b-e636b5a1a719.jpg?bwg=1788099629\" data-elementor-open-lightbox=\"no\">                <div class=\"bwg-item0 \">          <div class=\"bwg-item1 bwg-zoom-effect\">            <div class=\"bwg-item2\">              <img decoding=\"async\" class=\"skip-lazy bwg_standart_thumb_img_0 \"                   data-id=\"1527\"                   data-width=\"500.00\"                   data-height=\"375.00\"                   data-src=\"https:\/\/paroisses-de-fegersheim-eschau-ohnheim-plobsheim.fr\/wp-content\/uploads\/photo-gallery\/thumb\/3c55bc79-2f8d-425e-981b-e636b5a1a719.jpg?bwg=1788099629\"                   src=\"https:\/\/paroisses-de-fegersheim-eschau-ohnheim-plobsheim.fr\/wp-content\/uploads\/photo-gallery\/thumb\/3c55bc79-2f8d-425e-981b-e636b5a1a719.jpg?bwg=1788099629\"                   alt=\"3c55bc79-2f8d-425e-981b-e636b5a1a719\"                   title=\"3c55bc79-2f8d-425e-981b-e636b5a1a719\" \/>            <\/div>            <div class=\"bwg-zoom-effect-overlay\">              <div class=\"bwg-title1\"><div class=\"bwg-title2\">3c55bc79-2f8d-425e-981b-e636b5a1a719<\/div><\/div>                                        <\/div>          <\/div>        <\/div>                        <\/a>              <\/div>            <div class=\"bwg-item\">        <a class=\"bwg-a  bwg_lightbox\"  data-image-id=\"1528\" href=\"https:\/\/paroisses-de-fegersheim-eschau-ohnheim-plobsheim.fr\/wp-content\/uploads\/photo-gallery\/3ccc187c-ee6f-4f9e-939f-1ca33419be14.jpg?bwg=1788099629\" data-elementor-open-lightbox=\"no\">                <div class=\"bwg-item0 \">          <div class=\"bwg-item1 bwg-zoom-effect\">            <div class=\"bwg-item2\">              <img decoding=\"async\" class=\"skip-lazy bwg_standart_thumb_img_0 \"                   data-id=\"1528\"                   data-width=\"500.00\"                   data-height=\"375.00\"                   data-src=\"https:\/\/paroisses-de-fegersheim-eschau-ohnheim-plobsheim.fr\/wp-content\/uploads\/photo-gallery\/thumb\/3ccc187c-ee6f-4f9e-939f-1ca33419be14.jpg?bwg=1788099629\"                   src=\"https:\/\/paroisses-de-fegersheim-eschau-ohnheim-plobsheim.fr\/wp-content\/uploads\/photo-gallery\/thumb\/3ccc187c-ee6f-4f9e-939f-1ca33419be14.jpg?bwg=1788099629\"                   alt=\"3ccc187c-ee6f-4f9e-939f-1ca33419be14\"                   title=\"3ccc187c-ee6f-4f9e-939f-1ca33419be14\" \/>            <\/div>            <div class=\"bwg-zoom-effect-overlay\">              <div class=\"bwg-title1\"><div class=\"bwg-title2\">3ccc187c-ee6f-4f9e-939f-1ca33419be14<\/div><\/div>                                        <\/div>          <\/div>        <\/div>                        <\/a>              <\/div>            <div class=\"bwg-item\">        <a class=\"bwg-a  bwg_lightbox\"  data-image-id=\"1529\" href=\"https:\/\/paroisses-de-fegersheim-eschau-ohnheim-plobsheim.fr\/wp-content\/uploads\/photo-gallery\/7cfe3695-623a-4eb5-95cd-b0186a62e389.jpg?bwg=1788099629\" data-elementor-open-lightbox=\"no\">                <div class=\"bwg-item0 \">          <div class=\"bwg-item1 bwg-zoom-effect\">            <div class=\"bwg-item2\">              <img decoding=\"async\" class=\"skip-lazy bwg_standart_thumb_img_0 \"                   data-id=\"1529\"                   data-width=\"500.00\"                   data-height=\"375.00\"                   data-src=\"https:\/\/paroisses-de-fegersheim-eschau-ohnheim-plobsheim.fr\/wp-content\/uploads\/photo-gallery\/thumb\/7cfe3695-623a-4eb5-95cd-b0186a62e389.jpg?bwg=1788099629\"                   src=\"https:\/\/paroisses-de-fegersheim-eschau-ohnheim-plobsheim.fr\/wp-content\/uploads\/photo-gallery\/thumb\/7cfe3695-623a-4eb5-95cd-b0186a62e389.jpg?bwg=1788099629\"                   alt=\"7cfe3695-623a-4eb5-95cd-b0186a62e389\"                   title=\"7cfe3695-623a-4eb5-95cd-b0186a62e389\" \/>            <\/div>            <div class=\"bwg-zoom-effect-overlay\">              <div class=\"bwg-title1\"><div class=\"bwg-title2\">7cfe3695-623a-4eb5-95cd-b0186a62e389<\/div><\/div>                                        <\/div>          <\/div>        <\/div>                        <\/a>              <\/div>            <div class=\"bwg-item\">        <a class=\"bwg-a  bwg_lightbox\"  data-image-id=\"1530\" href=\"https:\/\/paroisses-de-fegersheim-eschau-ohnheim-plobsheim.fr\/wp-content\/uploads\/photo-gallery\/015f7c89-ed18-4712-86c9-654ac9b312bc.jpg?bwg=1788099629\" data-elementor-open-lightbox=\"no\">                <div class=\"bwg-item0 \">          <div class=\"bwg-item1 bwg-zoom-effect\">            <div class=\"bwg-item2\">              <img decoding=\"async\" class=\"skip-lazy bwg_standart_thumb_img_0 \"                   data-id=\"1530\"                   data-width=\"375.00\"                   data-height=\"500.00\"                   data-src=\"https:\/\/paroisses-de-fegersheim-eschau-ohnheim-plobsheim.fr\/wp-content\/uploads\/photo-gallery\/thumb\/015f7c89-ed18-4712-86c9-654ac9b312bc.jpg?bwg=1788099629\"                   src=\"https:\/\/paroisses-de-fegersheim-eschau-ohnheim-plobsheim.fr\/wp-content\/uploads\/photo-gallery\/thumb\/015f7c89-ed18-4712-86c9-654ac9b312bc.jpg?bwg=1788099629\"                   alt=\"015f7c89-ed18-4712-86c9-654ac9b312bc\"                   title=\"015f7c89-ed18-4712-86c9-654ac9b312bc\" \/>            <\/div>            <div class=\"bwg-zoom-effect-overlay\">              <div class=\"bwg-title1\"><div class=\"bwg-title2\">015f7c89-ed18-4712-86c9-654ac9b312bc<\/div><\/div>                                        <\/div>          <\/div>        <\/div>                        <\/a>              <\/div>            <div class=\"bwg-item\">        <a class=\"bwg-a  bwg_lightbox\"  data-image-id=\"1531\" href=\"https:\/\/paroisses-de-fegersheim-eschau-ohnheim-plobsheim.fr\/wp-content\/uploads\/photo-gallery\/9cfa6928-2cfb-4059-8ad2-b27bdfbcb243.jpg?bwg=1788099629\" data-elementor-open-lightbox=\"no\">                <div class=\"bwg-item0 \">          <div class=\"bwg-item1 bwg-zoom-effect\">            <div class=\"bwg-item2\">              <img decoding=\"async\" class=\"skip-lazy bwg_standart_thumb_img_0 \"                   data-id=\"1531\"                   data-width=\"500.00\"                   data-height=\"375.00\"                   data-src=\"https:\/\/paroisses-de-fegersheim-eschau-ohnheim-plobsheim.fr\/wp-content\/uploads\/photo-gallery\/thumb\/9cfa6928-2cfb-4059-8ad2-b27bdfbcb243.jpg?bwg=1788099629\"                   src=\"https:\/\/paroisses-de-fegersheim-eschau-ohnheim-plobsheim.fr\/wp-content\/uploads\/photo-gallery\/thumb\/9cfa6928-2cfb-4059-8ad2-b27bdfbcb243.jpg?bwg=1788099629\"                   alt=\"9cfa6928-2cfb-4059-8ad2-b27bdfbcb243\"                   title=\"9cfa6928-2cfb-4059-8ad2-b27bdfbcb243\" \/>            <\/div>            <div class=\"bwg-zoom-effect-overlay\">              <div class=\"bwg-title1\"><div class=\"bwg-title2\">9cfa6928-2cfb-4059-8ad2-b27bdfbcb243<\/div><\/div>                                        <\/div>          <\/div>        <\/div>                        <\/a>              <\/div>            <div class=\"bwg-item\">        <a class=\"bwg-a  bwg_lightbox\"  data-image-id=\"1532\" href=\"https:\/\/paroisses-de-fegersheim-eschau-ohnheim-plobsheim.fr\/wp-content\/uploads\/photo-gallery\/80db8ee9-8f71-4187-9f37-72b25a802d1c.jpg?bwg=1788099629\" data-elementor-open-lightbox=\"no\">                <div class=\"bwg-item0 \">          <div class=\"bwg-item1 bwg-zoom-effect\">            <div class=\"bwg-item2\">              <img decoding=\"async\" class=\"skip-lazy bwg_standart_thumb_img_0 \"                   data-id=\"1532\"                   data-width=\"500.00\"                   data-height=\"375.00\"                   data-src=\"https:\/\/paroisses-de-fegersheim-eschau-ohnheim-plobsheim.fr\/wp-content\/uploads\/photo-gallery\/thumb\/80db8ee9-8f71-4187-9f37-72b25a802d1c.jpg?bwg=1788099629\"                   src=\"https:\/\/paroisses-de-fegersheim-eschau-ohnheim-plobsheim.fr\/wp-content\/uploads\/photo-gallery\/thumb\/80db8ee9-8f71-4187-9f37-72b25a802d1c.jpg?bwg=1788099629\"                   alt=\"80db8ee9-8f71-4187-9f37-72b25a802d1c\"                   title=\"80db8ee9-8f71-4187-9f37-72b25a802d1c\" \/>            <\/div>            <div class=\"bwg-zoom-effect-overlay\">              <div class=\"bwg-title1\"><div class=\"bwg-title2\">80db8ee9-8f71-4187-9f37-72b25a802d1c<\/div><\/div>                                        <\/div>          <\/div>        <\/div>                        <\/a>              <\/div>            <div class=\"bwg-item\">        <a class=\"bwg-a  bwg_lightbox\"  data-image-id=\"1533\" href=\"https:\/\/paroisses-de-fegersheim-eschau-ohnheim-plobsheim.fr\/wp-content\/uploads\/photo-gallery\/248e0160-9ff5-4abe-88ea-3033f3a6758d.jpg?bwg=1788099629\" data-elementor-open-lightbox=\"no\">                <div class=\"bwg-item0 \">          <div class=\"bwg-item1 bwg-zoom-effect\">            <div class=\"bwg-item2\">              <img decoding=\"async\" class=\"skip-lazy bwg_standart_thumb_img_0 \"                   data-id=\"1533\"                   data-width=\"500.00\"                   data-height=\"375.00\"                   data-src=\"https:\/\/paroisses-de-fegersheim-eschau-ohnheim-plobsheim.fr\/wp-content\/uploads\/photo-gallery\/thumb\/248e0160-9ff5-4abe-88ea-3033f3a6758d.jpg?bwg=1788099629\"                   src=\"https:\/\/paroisses-de-fegersheim-eschau-ohnheim-plobsheim.fr\/wp-content\/uploads\/photo-gallery\/thumb\/248e0160-9ff5-4abe-88ea-3033f3a6758d.jpg?bwg=1788099629\"                   alt=\"248e0160-9ff5-4abe-88ea-3033f3a6758d\"                   title=\"248e0160-9ff5-4abe-88ea-3033f3a6758d\" \/>            <\/div>            <div class=\"bwg-zoom-effect-overlay\">              <div class=\"bwg-title1\"><div class=\"bwg-title2\">248e0160-9ff5-4abe-88ea-3033f3a6758d<\/div><\/div>                                        <\/div>          <\/div>        <\/div>                        <\/a>              <\/div>            <div class=\"bwg-item\">        <a class=\"bwg-a  bwg_lightbox\"  data-image-id=\"1534\" href=\"https:\/\/paroisses-de-fegersheim-eschau-ohnheim-plobsheim.fr\/wp-content\/uploads\/photo-gallery\/350cc084-88ba-48ce-bef7-45136443b4cf.jpg?bwg=1788099629\" data-elementor-open-lightbox=\"no\">                <div class=\"bwg-item0 \">          <div class=\"bwg-item1 bwg-zoom-effect\">            <div class=\"bwg-item2\">              <img decoding=\"async\" class=\"skip-lazy bwg_standart_thumb_img_0 \"                   data-id=\"1534\"                   data-width=\"500.00\"                   data-height=\"375.00\"                   data-src=\"https:\/\/paroisses-de-fegersheim-eschau-ohnheim-plobsheim.fr\/wp-content\/uploads\/photo-gallery\/thumb\/350cc084-88ba-48ce-bef7-45136443b4cf.jpg?bwg=1788099629\"                   src=\"https:\/\/paroisses-de-fegersheim-eschau-ohnheim-plobsheim.fr\/wp-content\/uploads\/photo-gallery\/thumb\/350cc084-88ba-48ce-bef7-45136443b4cf.jpg?bwg=1788099629\"                   alt=\"350cc084-88ba-48ce-bef7-45136443b4cf\"                   title=\"350cc084-88ba-48ce-bef7-45136443b4cf\" \/>            <\/div>            <div class=\"bwg-zoom-effect-overlay\">              <div class=\"bwg-title1\"><div class=\"bwg-title2\">350cc084-88ba-48ce-bef7-45136443b4cf<\/div><\/div>                                        <\/div>          <\/div>        <\/div>                        <\/a>              <\/div>            <div class=\"bwg-item\">        <a class=\"bwg-a  bwg_lightbox\"  data-image-id=\"1535\" href=\"https:\/\/paroisses-de-fegersheim-eschau-ohnheim-plobsheim.fr\/wp-content\/uploads\/photo-gallery\/7208f7d6-94a8-4022-b1e2-5dcca86873d8.jpg?bwg=1788099629\" data-elementor-open-lightbox=\"no\">                <div class=\"bwg-item0 \">          <div class=\"bwg-item1 bwg-zoom-effect\">            <div class=\"bwg-item2\">              <img decoding=\"async\" class=\"skip-lazy bwg_standart_thumb_img_0 \"                   data-id=\"1535\"                   data-width=\"500.00\"                   data-height=\"377.00\"                   data-src=\"https:\/\/paroisses-de-fegersheim-eschau-ohnheim-plobsheim.fr\/wp-content\/uploads\/photo-gallery\/thumb\/7208f7d6-94a8-4022-b1e2-5dcca86873d8.jpg?bwg=1788099629\"                   src=\"https:\/\/paroisses-de-fegersheim-eschau-ohnheim-plobsheim.fr\/wp-content\/uploads\/photo-gallery\/thumb\/7208f7d6-94a8-4022-b1e2-5dcca86873d8.jpg?bwg=1788099629\"                   alt=\"7208f7d6-94a8-4022-b1e2-5dcca86873d8\"                   title=\"7208f7d6-94a8-4022-b1e2-5dcca86873d8\" \/>            <\/div>            <div class=\"bwg-zoom-effect-overlay\">              <div class=\"bwg-title1\"><div class=\"bwg-title2\">7208f7d6-94a8-4022-b1e2-5dcca86873d8<\/div><\/div>                                        <\/div>          <\/div>        <\/div>                        <\/a>              <\/div>            <div class=\"bwg-item\">        <a class=\"bwg-a  bwg_lightbox\"  data-image-id=\"1536\" href=\"https:\/\/paroisses-de-fegersheim-eschau-ohnheim-plobsheim.fr\/wp-content\/uploads\/photo-gallery\/69490e3d-842e-4025-9fd5-bc40b559af20.jpg?bwg=1788099629\" data-elementor-open-lightbox=\"no\">                <div class=\"bwg-item0 \">          <div class=\"bwg-item1 bwg-zoom-effect\">            <div class=\"bwg-item2\">              <img decoding=\"async\" class=\"skip-lazy bwg_standart_thumb_img_0 \"                   data-id=\"1536\"                   data-width=\"375.00\"                   data-height=\"500.00\"                   data-src=\"https:\/\/paroisses-de-fegersheim-eschau-ohnheim-plobsheim.fr\/wp-content\/uploads\/photo-gallery\/thumb\/69490e3d-842e-4025-9fd5-bc40b559af20.jpg?bwg=1788099629\"                   src=\"https:\/\/paroisses-de-fegersheim-eschau-ohnheim-plobsheim.fr\/wp-content\/uploads\/photo-gallery\/thumb\/69490e3d-842e-4025-9fd5-bc40b559af20.jpg?bwg=1788099629\"                   alt=\"69490e3d-842e-4025-9fd5-bc40b559af20\"                   title=\"69490e3d-842e-4025-9fd5-bc40b559af20\" \/>            <\/div>            <div class=\"bwg-zoom-effect-overlay\">              <div class=\"bwg-title1\"><div class=\"bwg-title2\">69490e3d-842e-4025-9fd5-bc40b559af20<\/div><\/div>                                        <\/div>          <\/div>        <\/div>                        <\/a>              <\/div>            <div class=\"bwg-item\">        <a class=\"bwg-a  bwg_lightbox\"  data-image-id=\"1537\" href=\"https:\/\/paroisses-de-fegersheim-eschau-ohnheim-plobsheim.fr\/wp-content\/uploads\/photo-gallery\/376325f8-8f3a-41d7-935f-606929948e6c.jpg?bwg=1788099629\" data-elementor-open-lightbox=\"no\">                <div class=\"bwg-item0 \">          <div class=\"bwg-item1 bwg-zoom-effect\">            <div class=\"bwg-item2\">              <img decoding=\"async\" class=\"skip-lazy bwg_standart_thumb_img_0 \"                   data-id=\"1537\"                   data-width=\"500.00\"                   data-height=\"375.00\"                   data-src=\"https:\/\/paroisses-de-fegersheim-eschau-ohnheim-plobsheim.fr\/wp-content\/uploads\/photo-gallery\/thumb\/376325f8-8f3a-41d7-935f-606929948e6c.jpg?bwg=1788099629\"                   src=\"https:\/\/paroisses-de-fegersheim-eschau-ohnheim-plobsheim.fr\/wp-content\/uploads\/photo-gallery\/thumb\/376325f8-8f3a-41d7-935f-606929948e6c.jpg?bwg=1788099629\"                   alt=\"376325f8-8f3a-41d7-935f-606929948e6c\"                   title=\"376325f8-8f3a-41d7-935f-606929948e6c\" \/>            <\/div>            <div class=\"bwg-zoom-effect-overlay\">              <div class=\"bwg-title1\"><div class=\"bwg-title2\">376325f8-8f3a-41d7-935f-606929948e6c<\/div><\/div>                                        <\/div>          <\/div>        <\/div>                        <\/a>              <\/div>            <div class=\"bwg-item\">        <a class=\"bwg-a  bwg_lightbox\"  data-image-id=\"1538\" href=\"https:\/\/paroisses-de-fegersheim-eschau-ohnheim-plobsheim.fr\/wp-content\/uploads\/photo-gallery\/0695782a-5ee9-4327-bfd4-c3fa979b7cdf.jpg?bwg=1788099629\" data-elementor-open-lightbox=\"no\">                <div class=\"bwg-item0 \">          <div class=\"bwg-item1 bwg-zoom-effect\">            <div class=\"bwg-item2\">              <img decoding=\"async\" class=\"skip-lazy bwg_standart_thumb_img_0 \"                   data-id=\"1538\"                   data-width=\"500.00\"                   data-height=\"375.00\"                   data-src=\"https:\/\/paroisses-de-fegersheim-eschau-ohnheim-plobsheim.fr\/wp-content\/uploads\/photo-gallery\/thumb\/0695782a-5ee9-4327-bfd4-c3fa979b7cdf.jpg?bwg=1788099629\"                   src=\"https:\/\/paroisses-de-fegersheim-eschau-ohnheim-plobsheim.fr\/wp-content\/uploads\/photo-gallery\/thumb\/0695782a-5ee9-4327-bfd4-c3fa979b7cdf.jpg?bwg=1788099629\"                   alt=\"0695782a-5ee9-4327-bfd4-c3fa979b7cdf\"                   title=\"0695782a-5ee9-4327-bfd4-c3fa979b7cdf\" \/>            <\/div>            <div class=\"bwg-zoom-effect-overlay\">              <div class=\"bwg-title1\"><div class=\"bwg-title2\">0695782a-5ee9-4327-bfd4-c3fa979b7cdf<\/div><\/div>                                        <\/div>          <\/div>        <\/div>                        <\/a>              <\/div>            <div class=\"bwg-item\">        <a class=\"bwg-a  bwg_lightbox\"  data-image-id=\"1539\" href=\"https:\/\/paroisses-de-fegersheim-eschau-ohnheim-plobsheim.fr\/wp-content\/uploads\/photo-gallery\/09456295-523c-4f9e-b0d2-b1e89ede7e71.jpg?bwg=1788099629\" data-elementor-open-lightbox=\"no\">                <div class=\"bwg-item0 \">          <div class=\"bwg-item1 bwg-zoom-effect\">            <div class=\"bwg-item2\">              <img decoding=\"async\" class=\"skip-lazy bwg_standart_thumb_img_0 \"                   data-id=\"1539\"                   data-width=\"500.00\"                   data-height=\"238.00\"                   data-src=\"https:\/\/paroisses-de-fegersheim-eschau-ohnheim-plobsheim.fr\/wp-content\/uploads\/photo-gallery\/thumb\/09456295-523c-4f9e-b0d2-b1e89ede7e71.jpg?bwg=1788099629\"                   src=\"https:\/\/paroisses-de-fegersheim-eschau-ohnheim-plobsheim.fr\/wp-content\/uploads\/photo-gallery\/thumb\/09456295-523c-4f9e-b0d2-b1e89ede7e71.jpg?bwg=1788099629\"                   alt=\"09456295-523c-4f9e-b0d2-b1e89ede7e71\"                   title=\"09456295-523c-4f9e-b0d2-b1e89ede7e71\" \/>            <\/div>            <div class=\"bwg-zoom-effect-overlay\">              <div class=\"bwg-title1\"><div class=\"bwg-title2\">09456295-523c-4f9e-b0d2-b1e89ede7e71<\/div><\/div>                                        <\/div>          <\/div>        <\/div>                        <\/a>              <\/div>            <div class=\"bwg-item\">        <a class=\"bwg-a  bwg_lightbox\"  data-image-id=\"1540\" href=\"https:\/\/paroisses-de-fegersheim-eschau-ohnheim-plobsheim.fr\/wp-content\/uploads\/photo-gallery\/a64b2b20-b49f-43cf-8126-29446cae3dd7.jpg?bwg=1788099629\" data-elementor-open-lightbox=\"no\">                <div class=\"bwg-item0 \">          <div class=\"bwg-item1 bwg-zoom-effect\">            <div class=\"bwg-item2\">              <img decoding=\"async\" class=\"skip-lazy bwg_standart_thumb_img_0 \"                   data-id=\"1540\"                   data-width=\"500.00\"                   data-height=\"296.00\"                   data-src=\"https:\/\/paroisses-de-fegersheim-eschau-ohnheim-plobsheim.fr\/wp-content\/uploads\/photo-gallery\/thumb\/a64b2b20-b49f-43cf-8126-29446cae3dd7.jpg?bwg=1788099629\"                   src=\"https:\/\/paroisses-de-fegersheim-eschau-ohnheim-plobsheim.fr\/wp-content\/uploads\/photo-gallery\/thumb\/a64b2b20-b49f-43cf-8126-29446cae3dd7.jpg?bwg=1788099629\"                   alt=\"a64b2b20-b49f-43cf-8126-29446cae3dd7\"                   title=\"a64b2b20-b49f-43cf-8126-29446cae3dd7\" \/>            <\/div>            <div class=\"bwg-zoom-effect-overlay\">              <div class=\"bwg-title1\"><div class=\"bwg-title2\">a64b2b20-b49f-43cf-8126-29446cae3dd7<\/div><\/div>                                        <\/div>          <\/div>        <\/div>                        <\/a>              <\/div>            <div class=\"bwg-item\">        <a class=\"bwg-a  bwg_lightbox\"  data-image-id=\"1541\" href=\"https:\/\/paroisses-de-fegersheim-eschau-ohnheim-plobsheim.fr\/wp-content\/uploads\/photo-gallery\/fa636e59-5757-4a87-b8f3-0d309f8de3cb.jpg?bwg=1788099629\" data-elementor-open-lightbox=\"no\">                <div class=\"bwg-item0 \">          <div class=\"bwg-item1 bwg-zoom-effect\">            <div class=\"bwg-item2\">              <img decoding=\"async\" class=\"skip-lazy bwg_standart_thumb_img_0 \"                   data-id=\"1541\"                   data-width=\"500.00\"                   data-height=\"232.00\"                   data-src=\"https:\/\/paroisses-de-fegersheim-eschau-ohnheim-plobsheim.fr\/wp-content\/uploads\/photo-gallery\/thumb\/fa636e59-5757-4a87-b8f3-0d309f8de3cb.jpg?bwg=1788099629\"                   src=\"https:\/\/paroisses-de-fegersheim-eschau-ohnheim-plobsheim.fr\/wp-content\/uploads\/photo-gallery\/thumb\/fa636e59-5757-4a87-b8f3-0d309f8de3cb.jpg?bwg=1788099629\"                   alt=\"fa636e59-5757-4a87-b8f3-0d309f8de3cb\"                   title=\"fa636e59-5757-4a87-b8f3-0d309f8de3cb\" \/>            <\/div>            <div class=\"bwg-zoom-effect-overlay\">              <div class=\"bwg-title1\"><div class=\"bwg-title2\">fa636e59-5757-4a87-b8f3-0d309f8de3cb<\/div><\/div>                                        <\/div>          <\/div>        <\/div>                        <\/a>              <\/div>            <div class=\"bwg-item\">        <a class=\"bwg-a  bwg_lightbox\"  data-image-id=\"1542\" href=\"https:\/\/paroisses-de-fegersheim-eschau-ohnheim-plobsheim.fr\/wp-content\/uploads\/photo-gallery\/bd859288-5880-4784-89eb-e35fac10a903.jpg?bwg=1788099629\" data-elementor-open-lightbox=\"no\">                <div class=\"bwg-item0 \">          <div class=\"bwg-item1 bwg-zoom-effect\">            <div class=\"bwg-item2\">              <img decoding=\"async\" class=\"skip-lazy bwg_standart_thumb_img_0 \"                   data-id=\"1542\"                   data-width=\"500.00\"                   data-height=\"377.00\"                   data-src=\"https:\/\/paroisses-de-fegersheim-eschau-ohnheim-plobsheim.fr\/wp-content\/uploads\/photo-gallery\/thumb\/bd859288-5880-4784-89eb-e35fac10a903.jpg?bwg=1788099629\"                   src=\"https:\/\/paroisses-de-fegersheim-eschau-ohnheim-plobsheim.fr\/wp-content\/uploads\/photo-gallery\/thumb\/bd859288-5880-4784-89eb-e35fac10a903.jpg?bwg=1788099629\"                   alt=\"bd859288-5880-4784-89eb-e35fac10a903\"                   title=\"bd859288-5880-4784-89eb-e35fac10a903\" \/>            <\/div>            <div class=\"bwg-zoom-effect-overlay\">              <div class=\"bwg-title1\"><div class=\"bwg-title2\">bd859288-5880-4784-89eb-e35fac10a903<\/div><\/div>                                        <\/div>          <\/div>        <\/div>                        <\/a>              <\/div>            <div class=\"bwg-item\">        <a class=\"bwg-a  bwg_lightbox\"  data-image-id=\"1543\" href=\"https:\/\/paroisses-de-fegersheim-eschau-ohnheim-plobsheim.fr\/wp-content\/uploads\/photo-gallery\/cf71d9c7-47b7-474a-a911-feed44aefe7f.jpg?bwg=1788099629\" data-elementor-open-lightbox=\"no\">                <div class=\"bwg-item0 \">          <div class=\"bwg-item1 bwg-zoom-effect\">            <div class=\"bwg-item2\">              <img decoding=\"async\" class=\"skip-lazy bwg_standart_thumb_img_0 \"                   data-id=\"1543\"                   data-width=\"500.00\"                   data-height=\"375.00\"                   data-src=\"https:\/\/paroisses-de-fegersheim-eschau-ohnheim-plobsheim.fr\/wp-content\/uploads\/photo-gallery\/thumb\/cf71d9c7-47b7-474a-a911-feed44aefe7f.jpg?bwg=1788099629\"                   src=\"https:\/\/paroisses-de-fegersheim-eschau-ohnheim-plobsheim.fr\/wp-content\/uploads\/photo-gallery\/thumb\/cf71d9c7-47b7-474a-a911-feed44aefe7f.jpg?bwg=1788099629\"                   alt=\"cf71d9c7-47b7-474a-a911-feed44aefe7f\"                   title=\"cf71d9c7-47b7-474a-a911-feed44aefe7f\" \/>            <\/div>            <div class=\"bwg-zoom-effect-overlay\">              <div class=\"bwg-title1\"><div class=\"bwg-title2\">cf71d9c7-47b7-474a-a911-feed44aefe7f<\/div><\/div>                                        <\/div>          <\/div>        <\/div>                        <\/a>              <\/div>          <\/div>    <style>      \/*pagination styles*\/      #bwg_container1_0 #bwg_container2_0 .tablenav-pages_0 {\t\t\t\ttext-align: center;\t\t\t\tfont-size: 12px;\t\t\t\tfont-family: Ubuntu;\t\t\t\tfont-weight: bold;\t\t\t\tcolor: #666666;\t\t\t\tmargin: 6px 0 4px;\t\t\t\tdisplay: block;      }      @media only screen and (max-width : 320px) {      #bwg_container1_0 #bwg_container2_0 .displaying-num_0 {     \t display: none;      }      }      #bwg_container1_0 #bwg_container2_0 .displaying-num_0 {\t\t\t\tfont-size: 12px;\t\t\t\tfont-family: Ubuntu;\t\t\t\tfont-weight: bold;\t\t\t\tcolor: #666666;\t\t\t\tmargin-right: 10px;\t\t\t\tvertical-align: middle;      }      #bwg_container1_0 #bwg_container2_0 .paging-input_0 {\t\t\t\tfont-size: 12px;\t\t\t\tfont-family: Ubuntu;\t\t\t\tfont-weight: bold;\t\t\t\tcolor: #666666;\t\t\t\tvertical-align: middle;      }      #bwg_container1_0 #bwg_container2_0 .tablenav-pages_0 a.disabled,      #bwg_container1_0 #bwg_container2_0 .tablenav-pages_0 a.disabled:hover,      #bwg_container1_0 #bwg_container2_0 .tablenav-pages_0 a.disabled:focus,\t\t\t#bwg_container1_0 #bwg_container2_0 .tablenav-pages_0 input.bwg_current_page {\t\t\t\tcursor: default;\t\t\t\tcolor: rgba(102, 102, 102, 0.5);      }      #bwg_container1_0 #bwg_container2_0 .tablenav-pages_0 a,      #bwg_container1_0 #bwg_container2_0 .tablenav-pages_0 input.bwg_current_page {\t\t\t\tcursor: pointer;\t\t\t\ttext-align: center;\t\t\t\tfont-size: 12px;\t\t\t\tfont-family: Ubuntu;\t\t\t\tfont-weight: bold;\t\t\t\tcolor: #666666;\t\t\t\ttext-decoration: none;\t\t\t\tpadding: 3px 6px;\t\t\t\tmargin: 0;\t\t\t\tborder-radius: 0;\t\t\t\tborder-style: solid;\t\t\t\tborder-width: 1px;\t\t\t\tborder-color: #E3E3E3;\t\t\t\t\t\t\t\tbackground-color: rgba(255, 255, 255, 1.00);\t\t\t\tbox-shadow: 0;\t\t\t\ttransition: all 0.3s ease 0s;-webkit-transition: all 0.3s ease 0s;      }      <\/style>      <span class=\"bwg_nav_cont_0\">              <div class=\"tablenav-pages_0\">                  <\/div>                <input type=\"hidden\" id=\"page_number_0\" name=\"page_number_0\" value=\"1\" \/>      <script type=\"text\/javascript\">        if( jQuery('.bwg_nav_cont_0').length > 1 ) {          jQuery('.bwg_nav_cont_0').first().remove()        }        function spider_page_0(cur, x, y, load_more) {          if (typeof load_more == \"undefined\") {            var load_more = false;          }          if (jQuery(cur).hasClass('disabled')) {            return false;          }          var items_county_0 = 1;          switch (y) {            case 1:              if (x >= items_county_0) {                document.getElementById('page_number_0').value = items_county_0;              }              else {                document.getElementById('page_number_0').value = x + 1;              }              break;            case 2:              document.getElementById('page_number_0').value = items_county_0;              break;            case -1:              if (x == 1) {                document.getElementById('page_number_0').value = 1;              }              else {                document.getElementById('page_number_0').value = x - 1;              }              break;            case -2:              document.getElementById('page_number_0').value = 1;              break;\t\t\t\t\t\tcase 0:              document.getElementById('page_number_0').value = x;              break;            default:              document.getElementById('page_number_0').value = 1;          }          bwg_ajax('gal_front_form_0', '0', 'bwg_thumbnails_0', '0', '', 'gallery', 0, '', '', load_more, '', 1);        }                    jQuery('.first-page-0').on('click', function () {              spider_page_0(this, 1, -2, 'numeric');              return false;            });            jQuery('.prev-page-0').on('click', function () {              spider_page_0(this, 1, -1, 'numeric');              return false;            });            jQuery('.next-page-0').on('click', function () {              spider_page_0(this, 1, 1, 'numeric');              return false;            });            jQuery('.last-page-0').on('click', function () {              spider_page_0(this, 1, 2, 'numeric');              return false;            });        \t\t\t\t\/* Change page on input enter. *\/        function bwg_change_page_0( e, that ) {          if (  e.key == 'Enter' ) {            var to_page = parseInt(jQuery(that).val());            var pages_count = jQuery(that).parents(\".pagination-links\").data(\"pages-count\");            var current_url_param = jQuery(that).attr('data-url-info');            if (to_page > pages_count) {              to_page = 1;            }\t \t\t\t\t\t\t\t\t\t\t\t\tspider_page_0(this, to_page, 0, 'numeric');\t\t\t\t\t\t\treturn false;\t\t\t\t\t\t          }          return true;        }        jQuery('.bwg_load_btn_0').on('click', function () {            spider_page_0(this, 1, 1, true);            return false;        });      <\/script>      <\/span>                <\/div>        <\/form>        <style>          #bwg_container1_0 #bwg_container2_0 #spider_popup_overlay_0 {          background-color: #EEEEEE;          opacity: 0.60;          }          <\/style>        <div id=\"bwg_spider_popup_loading_0\" class=\"bwg_spider_popup_loading\"><\/div>        <div id=\"spider_popup_overlay_0\" class=\"spider_popup_overlay\" onclick=\"spider_destroypopup(1000)\"><\/div>        <input type=\"hidden\" id=\"bwg_random_seed_0\" value=\"176348750\">                <\/div>    <\/div>    <script>      if (document.readyState === 'complete') {        if( typeof bwg_main_ready == 'function' ) {          if ( jQuery(\"#bwg_container1_0\").height() ) {            bwg_main_ready(jQuery(\"#bwg_container1_0\"));          }        }      } else {        document.addEventListener('DOMContentLoaded', function() {          if( typeof bwg_main_ready == 'function' ) {            if ( jQuery(\"#bwg_container1_0\").height() ) {             bwg_main_ready(jQuery(\"#bwg_container1_0\"));            }          }        });      }    <\/script>    <\/h2>\n<h2><span style=\"color: #000000;\"><strong>PELE JEUNES DE LOURDES<\/strong><\/span><\/h2>\n<\/div>\n<h4 dir=\"auto\"><span style=\"color: #000080;\">Une exp\u00e9rience inoubliable dans ta vie de jeune chr\u00e9tien !<\/span><\/h4>\n<h4 dir=\"auto\"><span style=\"color: #000080;\">D\u00e9couverte des sanctuaires, messe \u00e0 la grotte, procession aux flambeaux, r\u00e9flexion en groupe,<\/span><\/h4>\n<h4 dir=\"auto\"><span style=\"color: #000080;\">rencontres et t\u00e9moignages, messe internationale, musique, chants et veill\u00e9es .<\/span><\/h4>\n<h4 dir=\"auto\"><span style=\"color: #000080;\">Une semaine pour aller \u00e0 la rencontre de Dieu, des autres et de toi-m\u00eame !<\/span><\/h4>\n<div dir=\"auto\"><\/div>\n<h4 dir=\"auto\"><span style=\"color: #008000;\">&#8211; DATES: du 22 au 28 ao\u00fbt 2027<\/span><\/h4>\n<h4 dir=\"auto\"><span style=\"color: #008000;\">&#8211; AGE: de 13 \u00e0 17 ans<\/span><\/h4>\n<h4 dir=\"auto\"><span style=\"color: #008000;\">&#8211; PRIX: 480 \u20ac tout compris: transport + logement + pension compl\u00e8te + activit\u00e9s; aides possibles (voir sur le site), ch\u00e8ques ANCV accept\u00e9s<\/span><\/h4>\n<h4 dir=\"auto\"><span style=\"color: #008000;\">+ baisse des frais par des actions en paroisse:<strong> le prix ne doit pas \u00eatre un frein !<\/strong><\/span><\/h4>\n<div dir=\"auto\"><\/div>\n<h4 dir=\"auto\"><span style=\"color: #800080;\">&#8211; TRAJET : en car , au d\u00e9part de Strasbourg<\/span><\/h4>\n<h4 dir=\"auto\"><span style=\"color: #800080;\">&#8211; HEBERGEMENT: pension compl\u00e8te en h\u00f4tel , chambres de 2 \u00e0 4 lits<\/span><\/h4>\n<h4 dir=\"auto\"><span style=\"color: #800080;\">&#8211; ENCADREMENT: 1 \u00e0 2 adultes pour 10 jeunes + 1 BAFA par groupe + une \u00e9quipe sanitaire (m\u00e9decins et infirmi\u00e8res)<\/span><\/h4>\n<h4 dir=\"auto\"><span style=\"color: #800080;\">&#8211; INFOS : sur le site <\/span><a class=\"x1i10hfl xjbqb8w x1ejq31n xd10rxx x1sy0etr x17r0tee x972fbf xcfux6l x1qhh985 xm0m39n x9f619 x1ypdohk xt0psk2 xe8uvvx xdj266r x11i5rnm xat24cr x1mh8g0r xexx8yu x4uap5 x18d9i69 xkhd6sd x16tdsg8 x1hl2dhg xggy1nq x1a2a7pz xt0b8zv x1fey0fg\" tabindex=\"0\" role=\"link\" href=\"https:\/\/l.facebook.com\/l.php?u=http%3A%2F%2Fwww.pelejeunes.com%2F%3Ffbclid%3DIwAR06aCWJPpz2NvhA_2VgtyrcQ7E5OIiKFLAT8MXSi76trnBnRbn8KQySIPI&amp;h=AT0HOpub63pfO8gwW7pgLHNQQXl_uckVbgdxGMZrzfA01BT6myvRg53Em0PZqm_lZvOD0nx5gT4Pd9bNhp2rs5ucLf9_xlE9twp7JgL3ZPrQVzPbdfGtm0hbjUG4Ae6LDGeE-tkbYU_j3i6y_dpW&amp;__tn__=-UK-R&amp;c[0]=AT3P9pWq2xCL7wFxUwefENzFwtvLciR6WqVAdV7Lj3xxVfHZf8FFtqJF_DYqjkGqXqKFwei1e1ojfkI4lQ0gAG5r5_QiwV9Bu4QWO4cb7bb-Ku22ULogomnA2j4JmLDatOW0oKGOVbiuaVDeRF8RrQ1GJ4eoMA\" target=\"_blank\" rel=\"nofollow noopener noreferrer\"><span style=\"color: #800080;\">www.pelejeunes.com<\/span><\/a><\/h4>\n<p>&nbsp;<\/p>\n<div class=\"x11i5rnm xat24cr x1mh8g0r x1vvkbs xtlvy1s x126k92a\">\n<h4 dir=\"auto\"><span style=\"color: #000000;\">&#8211; CONTACT : LAURIOL Nathalie &#8211; accompagnatrice<\/span><\/h4>\n<h4 dir=\"auto\"><span style=\"color: #000000;\">14 rue du Donon &#8211; Fegersheim<\/span><\/h4>\n<h4 dir=\"auto\"><span style=\"color: #000000;\">t\u00e9l: 06.71.84.61.28 \/ mail : njm.lauriol@free.fr<\/span><\/h4>\n<\/div>\n<div class=\"x11i5rnm xat24cr x1mh8g0r x1vvkbs xtlvy1s x126k92a\">\n<h4 dir=\"auto\"><span style=\"color: #000000;\">&#8211; INSCRIPTIONS: du 01.03.25 au 16.04.25 sur le site du P\u00e9l\u00e9 : <\/span><a class=\"x1i10hfl xjbqb8w x1ejq31n xd10rxx x1sy0etr x17r0tee x972fbf xcfux6l x1qhh985 xm0m39n x9f619 x1ypdohk xt0psk2 xe8uvvx xdj266r x11i5rnm xat24cr x1mh8g0r xexx8yu x4uap5 x18d9i69 xkhd6sd x16tdsg8 x1hl2dhg xggy1nq x1a2a7pz xt0b8zv x1fey0fg\" tabindex=\"0\" role=\"link\" href=\"https:\/\/l.facebook.com\/l.php?u=http%3A%2F%2Fwww.pelejeunes.com%2F%3Ffbclid%3DIwAR04osYZ6rxe3E-3qsynkrrze_P-twrQ6FSj4e9ebLWFgITebYQzYkvNGXU&amp;h=AT0HOpub63pfO8gwW7pgLHNQQXl_uckVbgdxGMZrzfA01BT6myvRg53Em0PZqm_lZvOD0nx5gT4Pd9bNhp2rs5ucLf9_xlE9twp7JgL3ZPrQVzPbdfGtm0hbjUG4Ae6LDGeE-tkbYU_j3i6y_dpW&amp;__tn__=-UK-R&amp;c[0]=AT3P9pWq2xCL7wFxUwefENzFwtvLciR6WqVAdV7Lj3xxVfHZf8FFtqJF_DYqjkGqXqKFwei1e1ojfkI4lQ0gAG5r5_QiwV9Bu4QWO4cb7bb-Ku22ULogomnA2j4JmLDatOW0oKGOVbiuaVDeRF8RrQ1GJ4eoMA\" target=\"_blank\" rel=\"nofollow noopener noreferrer\"><span style=\"color: #000000;\">www.pelejeunes.com<\/span><\/a><\/h4>\n<\/div>\n<\/div>\n<\/div><\/div><\/div><\/div><\/div>\n\n<div>You need to add a widget, row, or prebuilt layout before you&rsquo;ll see anything here. \ud83d\ude42<\/div>","protected":false},"excerpt":{"rendered":"<p>PELE JEUNES DE LOURDES Une exp\u00e9rience inoubliable dans ta vie de jeune chr\u00e9tien ! D\u00e9couverte des sanctuaires, messe \u00e0 la grotte, procession aux flambeaux, r\u00e9flexion en groupe, rencontres et t\u00e9moignages, messe internationale, musique, chants et veill\u00e9es . Une semaine pour aller \u00e0 la rencontre de Dieu, des autres et de toi-m\u00eame ! &#8211; DATES: du [&hellip;]<\/p>\n","protected":false},"author":1,"featured_media":0,"parent":0,"menu_order":0,"comment_status":"closed","ping_status":"closed","template":"","meta":{"iawp_total_views":381,"footnotes":""},"class_list":["post-81","page","type-page","status-publish","hentry","post"],"_links":{"self":[{"href":"https:\/\/paroisses-de-fegersheim-eschau-ohnheim-plobsheim.fr\/index.php\/wp-json\/wp\/v2\/pages\/81","targetHints":{"allow":["GET"]}}],"collection":[{"href":"https:\/\/paroisses-de-fegersheim-eschau-ohnheim-plobsheim.fr\/index.php\/wp-json\/wp\/v2\/pages"}],"about":[{"href":"https:\/\/paroisses-de-fegersheim-eschau-ohnheim-plobsheim.fr\/index.php\/wp-json\/wp\/v2\/types\/page"}],"author":[{"embeddable":true,"href":"https:\/\/paroisses-de-fegersheim-eschau-ohnheim-plobsheim.fr\/index.php\/wp-json\/wp\/v2\/users\/1"}],"replies":[{"embeddable":true,"href":"https:\/\/paroisses-de-fegersheim-eschau-ohnheim-plobsheim.fr\/index.php\/wp-json\/wp\/v2\/comments?post=81"}],"version-history":[{"count":50,"href":"https:\/\/paroisses-de-fegersheim-eschau-ohnheim-plobsheim.fr\/index.php\/wp-json\/wp\/v2\/pages\/81\/revisions"}],"predecessor-version":[{"id":4541,"href":"https:\/\/paroisses-de-fegersheim-eschau-ohnheim-plobsheim.fr\/index.php\/wp-json\/wp\/v2\/pages\/81\/revisions\/4541"}],"wp:attachment":[{"href":"https:\/\/paroisses-de-fegersheim-eschau-ohnheim-plobsheim.fr\/index.php\/wp-json\/wp\/v2\/media?parent=81"}],"curies":[{"name":"wp","href":"https:\/\/api.w.org\/{rel}","templated":true}]}}